{"id":63984,"date":"2022-11-21T10:56:37","date_gmt":"2022-11-21T13:56:37","guid":{"rendered":"https:\/\/anut.org.br\/executives\/"},"modified":"2024-09-17T16:34:38","modified_gmt":"2024-09-17T19:34:38","slug":"executives","status":"publish","type":"page","link":"https:\/\/anut.org.br\/en\/governance\/executives\/","title":{"rendered":"Executives"},"content":{"rendered":"\t\t<div data-elementor-type=\"wp-page\" data-elementor-id=\"63984\" class=\"elementor elementor-63984 elementor-47576\" data-elementor-post-type=\"page\">\n\t\t\t\t<div class=\"elementor-element elementor-element-c9c2ca4 e-flex e-con-boxed e-con e-parent\" data-id=\"c9c2ca4\" data-element_type=\"container\" data-settings=\"{&quot;background_background&quot;:&quot;classic&quot;,&quot;jet_parallax_layout_list&quot;:[]}\">\n\t\t\t\t\t<div class=\"e-con-inner\">\n\t\t\t\t<div class=\"elementor-element elementor-element-8aa535e elementor-widget elementor-widget-heading\" data-id=\"8aa535e\" data-element_type=\"widget\" data-widget_type=\"heading.default\">\n\t\t\t\t<div class=\"elementor-widget-container\">\n\t\t\t<style>\/*! elementor - v3.23.0 - 05-08-2024 *\/\n.elementor-heading-title{padding:0;margin:0;line-height:1}.elementor-widget-heading .elementor-heading-title[class*=elementor-size-]>a{color:inherit;font-size:inherit;line-height:inherit}.elementor-widget-heading .elementor-heading-title.elementor-size-small{font-size:15px}.elementor-widget-heading .elementor-heading-title.elementor-size-medium{font-size:19px}.elementor-widget-heading .elementor-heading-title.elementor-size-large{font-size:29px}.elementor-widget-heading .elementor-heading-title.elementor-size-xl{font-size:39px}.elementor-widget-heading .elementor-heading-title.elementor-size-xxl{font-size:59px}<\/style><h1 class=\"elementor-heading-title elementor-size-default\">Executives<\/h1>\t\t<\/div>\n\t\t\t\t<\/div>\n\t\t\t\t\t<\/div>\n\t\t\t\t<\/div>\n\t\t<div class=\"elementor-element elementor-element-d758990 e-flex e-con-boxed e-con e-parent\" data-id=\"d758990\" data-element_type=\"container\" data-settings=\"{&quot;jet_parallax_layout_list&quot;:[]}\">\n\t\t\t\t\t<div class=\"e-con-inner\">\n\t\t<div class=\"elementor-element elementor-element-d4139bb e-con-full e-flex e-con e-child\" data-id=\"d4139bb\" data-element_type=\"container\" data-settings=\"{&quot;background_background&quot;:&quot;classic&quot;,&quot;jet_parallax_layout_list&quot;:[]}\">\n\t\t<div class=\"elementor-element elementor-element-9a63ac6 e-con-full e-flex e-con e-child\" data-id=\"9a63ac6\" data-element_type=\"container\" data-settings=\"{&quot;jet_parallax_layout_list&quot;:[]}\">\n\t\t<div class=\"elementor-element elementor-element-8b9f5f9 e-con-full e-flex e-con e-child\" data-id=\"8b9f5f9\" data-element_type=\"container\" data-settings=\"{&quot;jet_parallax_layout_list&quot;:[]}\">\n\t\t\t\t<div class=\"elementor-element elementor-element-94031e7 elementor-widget elementor-widget-image\" data-id=\"94031e7\" data-element_type=\"widget\" data-widget_type=\"image.default\">\n\t\t\t\t<div class=\"elementor-widget-container\">\n\t\t\t\t\t\t\t\t\t\t\t\t\t<img fetchpriority=\"high\" decoding=\"async\" width=\"400\" height=\"400\" src=\"https:\/\/anut.org.br\/wp-content\/uploads\/2024\/08\/luiz.jpg\" class=\"attachment-large size-large wp-image-61437\" alt=\"\" srcset=\"https:\/\/anut.org.br\/wp-content\/uploads\/2024\/08\/luiz.jpg 400w, https:\/\/anut.org.br\/wp-content\/uploads\/2024\/08\/luiz-300x300.jpg 300w, https:\/\/anut.org.br\/wp-content\/uploads\/2024\/08\/luiz-150x150.jpg 150w\" sizes=\"(max-width: 400px) 100vw, 400px\" \/>\t\t\t\t\t\t\t\t\t\t\t\t\t<\/div>\n\t\t\t\t<\/div>\n\t\t\t\t<\/div>\n\t\t<div class=\"elementor-element elementor-element-15ae945 e-con-full e-flex e-con e-child\" data-id=\"15ae945\" data-element_type=\"container\" data-settings=\"{&quot;jet_parallax_layout_list&quot;:[]}\">\n\t\t\t\t<div class=\"elementor-element elementor-element-ba665af elementor-widget elementor-widget-heading\" data-id=\"ba665af\" data-element_type=\"widget\" data-widget_type=\"heading.default\">\n\t\t\t\t<div class=\"elementor-widget-container\">\n\t\t\t<h2 class=\"elementor-heading-title elementor-size-default\">Luis Henrique Teixeira Baldez<\/h2>\t\t<\/div>\n\t\t\t\t<\/div>\n\t\t\t\t<div class=\"elementor-element elementor-element-a4ca653 elementor-widget elementor-widget-heading\" data-id=\"a4ca653\" data-element_type=\"widget\" data-widget_type=\"heading.default\">\n\t\t\t\t<div class=\"elementor-widget-container\">\n\t\t\t<h4 class=\"elementor-heading-title elementor-size-default\">CEO<\/h4>\t\t<\/div>\n\t\t\t\t<\/div>\n\t\t\t\t<\/div>\n\t\t\t\t<\/div>\n\t\t\t\t<div class=\"elementor-element elementor-element-2bf09d4 elementor-widget elementor-widget-text-editor\" data-id=\"2bf09d4\" data-element_type=\"widget\" data-widget_type=\"text-editor.default\">\n\t\t\t\t<div class=\"elementor-widget-container\">\n\t\t\t<style>\/*! elementor - v3.23.0 - 05-08-2024 *\/\n.elementor-widget-text-editor.elementor-drop-cap-view-stacked .elementor-drop-cap{background-color:#69727d;color:#fff}.elementor-widget-text-editor.elementor-drop-cap-view-framed .elementor-drop-cap{color:#69727d;border:3px solid;background-color:transparent}.elementor-widget-text-editor:not(.elementor-drop-cap-view-default) .elementor-drop-cap{margin-top:8px}.elementor-widget-text-editor:not(.elementor-drop-cap-view-default) .elementor-drop-cap-letter{width:1em;height:1em}.elementor-widget-text-editor .elementor-drop-cap{float:left;text-align:center;line-height:1;font-size:50px}.elementor-widget-text-editor .elementor-drop-cap-letter{display:inline-block}<\/style>\t\t\t\t<p>Executive President of ANUT since 2010, he has been President and Member of several Boards of Directors and Fiscal Councils in companies such as CEAGESP, CODESP, CODOMAR, USIMINAS, A\u00c7OS FINOS PIRATINI (RS), ALUNORTE (CVRD), DOCEGEO (CVRD), among others, and was also President of the Port Authority Council of the Port of Itaqui.<\/p>\n<p><\/p>\n<p>He served as Special Advisor to the Minister of Transport with responsibility for strategic planning of the country&#8217;s transport logistics, and as Secretary of Land Transport at the Ministry of Transport, where he was in charge of regulating and supervising the road and rail freight and passenger sectors.<\/p>\n<p><\/p>\n<p>He was an advisor to the Planning Department of the State of S\u00e3o Paulo, responsible for the institutional and financial modeling of the 2nd Stage of the State&#8217;s Road Concessions Program, and Administrative and Financial Director of CONAB &#8211; Companhia Nacional de Abastecimento, in Bras\u00edlia.<\/p>\n<p><\/p>\n<p>He holds a degree in Civil Engineering from the Maranh\u00e3o School of Engineering, with specializations in Project Planning, Elaboration and Analysis from the World Bank and in Structuring, Analysis and Regulation of Infrastructure Concession Projects.<\/p>\t\t\t\t\t\t<\/div>\n\t\t\t\t<\/div>\n\t\t\t\t<\/div>\n\t\t\t\t\t<\/div>\n\t\t\t\t<\/div>\n\t\t<div class=\"elementor-element elementor-element-04abc8c e-flex e-con-boxed e-con e-parent\" data-id=\"04abc8c\" data-element_type=\"container\" data-settings=\"{&quot;jet_parallax_layout_list&quot;:[]}\">\n\t\t\t\t\t<div class=\"e-con-inner\">\n\t\t<div class=\"elementor-element elementor-element-c4bdb0a e-con-full e-flex e-con e-child\" data-id=\"c4bdb0a\" data-element_type=\"container\" data-settings=\"{&quot;background_background&quot;:&quot;classic&quot;,&quot;jet_parallax_layout_list&quot;:[]}\">\n\t\t<div class=\"elementor-element elementor-element-8933e89 e-con-full e-flex e-con e-child\" data-id=\"8933e89\" data-element_type=\"container\" data-settings=\"{&quot;jet_parallax_layout_list&quot;:[]}\">\n\t\t<div class=\"elementor-element elementor-element-f694fb7 e-con-full e-flex e-con e-child\" data-id=\"f694fb7\" data-element_type=\"container\" data-settings=\"{&quot;jet_parallax_layout_list&quot;:[]}\">\n\t\t\t\t<div class=\"elementor-element elementor-element-154bc82 elementor-widget elementor-widget-image\" data-id=\"154bc82\" data-element_type=\"widget\" data-widget_type=\"image.default\">\n\t\t\t\t<div class=\"elementor-widget-container\">\n\t\t\t\t\t\t\t\t\t\t\t\t\t<img decoding=\"async\" width=\"400\" height=\"400\" src=\"https:\/\/anut.org.br\/wp-content\/uploads\/2024\/08\/renato.jpg\" class=\"attachment-large size-large wp-image-61438\" alt=\"\" srcset=\"https:\/\/anut.org.br\/wp-content\/uploads\/2024\/08\/renato.jpg 400w, https:\/\/anut.org.br\/wp-content\/uploads\/2024\/08\/renato-300x300.jpg 300w, https:\/\/anut.org.br\/wp-content\/uploads\/2024\/08\/renato-150x150.jpg 150w\" sizes=\"(max-width: 400px) 100vw, 400px\" \/>\t\t\t\t\t\t\t\t\t\t\t\t\t<\/div>\n\t\t\t\t<\/div>\n\t\t\t\t<\/div>\n\t\t<div class=\"elementor-element elementor-element-ae0d16d e-con-full e-flex e-con e-child\" data-id=\"ae0d16d\" data-element_type=\"container\" data-settings=\"{&quot;jet_parallax_layout_list&quot;:[]}\">\n\t\t\t\t<div class=\"elementor-element elementor-element-5525d99 elementor-widget elementor-widget-heading\" data-id=\"5525d99\" data-element_type=\"widget\" data-widget_type=\"heading.default\">\n\t\t\t\t<div class=\"elementor-widget-container\">\n\t\t\t<h2 class=\"elementor-heading-title elementor-size-default\">Renato Voltaire Barbosa Araujo<\/h2>\t\t<\/div>\n\t\t\t\t<\/div>\n\t\t\t\t<div class=\"elementor-element elementor-element-9fe2329 elementor-widget elementor-widget-heading\" data-id=\"9fe2329\" data-element_type=\"widget\" data-widget_type=\"heading.default\">\n\t\t\t\t<div class=\"elementor-widget-container\">\n\t\t\t<h4 class=\"elementor-heading-title elementor-size-default\">Chief Operating Officer<\/h4>\t\t<\/div>\n\t\t\t\t<\/div>\n\t\t\t\t<\/div>\n\t\t\t\t<\/div>\n\t\t\t\t<div class=\"elementor-element elementor-element-5d5e650 elementor-widget elementor-widget-text-editor\" data-id=\"5d5e650\" data-element_type=\"widget\" data-widget_type=\"text-editor.default\">\n\t\t\t\t<div class=\"elementor-widget-container\">\n\t\t\t\t\t\t\t<p>Renato Voltaire B. Araujo is the Operational Director of ANUT &#8211; the National Association of Freight Transport Users.<br \/>\nHe has been operational director for more than 20 years, developing technical and institutional relations activities linked to Brazilian logistics in its various modes &#8211; rail, road, shipping and ports.<br \/>\nHe has a degree in Mechanical and Industrial Engineering from PUC\/Rio, postgraduate studies at Petrobr\u00e1s and IRI-Italy, as well as several other extension courses.  <\/p>\n<p>He has more than 40 years of diversified experience in infrastructure and basic industries (transportation, oil and gas, mining and steel).<\/p>\n<p>He began his career as an engineer at Petrobr\u00e1s (1974 to 1979) and then, among other positions, he was Project Manager of Caraj\u00e1s at VALE (1980 to 1988), Executive of the Brazil Steel Institute (1989 to 1994), Director of CEG &#8211; Cia.<br \/>\nDistribuidora de G\u00e1s do Estado do Rio de Janeiro (1995 to 1998) and Secretary General of the Rio de Janeiro State Regulatory Agency (1999 to 2001). <\/p>\n<p>He has international experience, having lived in Italy and for periods in the USA, as well as being part of various Brazilian negotiating missions to the USA, the European Community and Mercosur.<\/p>\n<p>He continues to provide consultancy services and at the beginning of his career he was also a university lecturer at PUC\/Petr\u00f3polis.<\/p>\n\t\t\t\t\t\t<\/div>\n\t\t\t\t<\/div>\n\t\t\t\t<\/div>\n\t\t\t\t\t<\/div>\n\t\t\t\t<\/div>\n\t\t<div class=\"elementor-element elementor-element-559b364 e-flex e-con-boxed e-con e-parent\" data-id=\"559b364\" data-element_type=\"container\" data-settings=\"{&quot;jet_parallax_layout_list&quot;:[]}\">\n\t\t\t\t\t<div class=\"e-con-inner\">\n\t\t<div class=\"elementor-element elementor-element-0afc60d e-con-full e-flex e-con e-child\" data-id=\"0afc60d\" data-element_type=\"container\" data-settings=\"{&quot;background_background&quot;:&quot;classic&quot;,&quot;jet_parallax_layout_list&quot;:[]}\">\n\t\t<div class=\"elementor-element elementor-element-b6faadd e-con-full e-flex e-con e-child\" data-id=\"b6faadd\" data-element_type=\"container\" data-settings=\"{&quot;jet_parallax_layout_list&quot;:[]}\">\n\t\t<div class=\"elementor-element elementor-element-9665ae5 e-con-full e-flex e-con e-child\" data-id=\"9665ae5\" data-element_type=\"container\" data-settings=\"{&quot;jet_parallax_layout_list&quot;:[]}\">\n\t\t\t\t<div class=\"elementor-element elementor-element-4822f4d elementor-widget elementor-widget-image\" data-id=\"4822f4d\" data-element_type=\"widget\" data-widget_type=\"image.default\">\n\t\t\t\t<div class=\"elementor-widget-container\">\n\t\t\t\t\t\t\t\t\t\t\t\t\t<img decoding=\"async\" width=\"400\" height=\"400\" src=\"https:\/\/anut.org.br\/wp-content\/uploads\/2024\/08\/christian.jpg\" class=\"attachment-large size-large wp-image-61439\" alt=\"\" srcset=\"https:\/\/anut.org.br\/wp-content\/uploads\/2024\/08\/christian.jpg 400w, https:\/\/anut.org.br\/wp-content\/uploads\/2024\/08\/christian-300x300.jpg 300w, https:\/\/anut.org.br\/wp-content\/uploads\/2024\/08\/christian-150x150.jpg 150w\" sizes=\"(max-width: 400px) 100vw, 400px\" \/>\t\t\t\t\t\t\t\t\t\t\t\t\t<\/div>\n\t\t\t\t<\/div>\n\t\t\t\t<\/div>\n\t\t<div class=\"elementor-element elementor-element-ed0b5c6 e-con-full e-flex e-con e-child\" data-id=\"ed0b5c6\" data-element_type=\"container\" data-settings=\"{&quot;jet_parallax_layout_list&quot;:[]}\">\n\t\t\t\t<div class=\"elementor-element elementor-element-13e6196 elementor-widget elementor-widget-heading\" data-id=\"13e6196\" data-element_type=\"widget\" data-widget_type=\"heading.default\">\n\t\t\t\t<div class=\"elementor-widget-container\">\n\t\t\t<h2 class=\"elementor-heading-title elementor-size-default\">Christian Souza<\/h2>\t\t<\/div>\n\t\t\t\t<\/div>\n\t\t\t\t<div class=\"elementor-element elementor-element-2b4aeda elementor-widget elementor-widget-heading\" data-id=\"2b4aeda\" data-element_type=\"widget\" data-widget_type=\"heading.default\">\n\t\t\t\t<div class=\"elementor-widget-container\">\n\t\t\t<h4 class=\"elementor-heading-title elementor-size-default\">Operational Manager<\/h4>\t\t<\/div>\n\t\t\t\t<\/div>\n\t\t\t\t<\/div>\n\t\t\t\t<\/div>\n\t\t\t\t<div class=\"elementor-element elementor-element-b207271 elementor-widget elementor-widget-text-editor\" data-id=\"b207271\" data-element_type=\"widget\" data-widget_type=\"text-editor.default\">\n\t\t\t\t<div class=\"elementor-widget-container\">\n\t\t\t\t\t\t\t<p>At ANUT since 2012, the operational manager is active in supporting the logistics, administrative, financial and technological aspects of the organization, as well as interacting with members.<\/p>\n<p><\/p>\n<p>With a degree in Systems Analysis from the Fluminense Federal University in 2008 and Logistics from the Est\u00e1cio de S\u00e1 University in 2021, he has several specialization courses in logistics such as Multimodal Integration, Leadership Tools, Procurement and Inventory Management, Virtual Logistics, ICMS and Logistics Cost Management.<\/p>\n<p><\/p>\n<p>He has extensive experience in vocational and technical courses, where he taught network management, graphic design, web design and systems development in Visual Basic for more than 10 years, after which he became the pedagogical coordinator.\nHe has taught several extension courses for employees of the Receita Federal, Bradesco, Unafisco Sindical and various city halls.\nHe was an adjunct professor in Computer Science at Faculdade Cenecista de Itabora\u00ed and Network Management at Est\u00e1cio de S\u00e1 University in Niter\u00f3i in 2009 and 2010.  <\/p>\t\t\t\t\t\t<\/div>\n\t\t\t\t<\/div>\n\t\t\t\t<\/div>\n\t\t\t\t\t<\/div>\n\t\t\t\t<\/div>\n\t\t<div class=\"elementor-element elementor-element-767124a e-flex e-con-boxed e-con e-parent\" data-id=\"767124a\" data-element_type=\"container\" data-settings=\"{&quot;jet_parallax_layout_list&quot;:[]}\">\n\t\t\t\t\t<div class=\"e-con-inner\">\n\t\t<div class=\"elementor-element elementor-element-830f19c e-con-full e-flex e-con e-child\" data-id=\"830f19c\" data-element_type=\"container\" data-settings=\"{&quot;background_background&quot;:&quot;classic&quot;,&quot;jet_parallax_layout_list&quot;:[]}\">\n\t\t<div class=\"elementor-element elementor-element-814042e e-con-full e-flex e-con e-child\" data-id=\"814042e\" data-element_type=\"container\" data-settings=\"{&quot;jet_parallax_layout_list&quot;:[]}\">\n\t\t<div class=\"elementor-element elementor-element-49ee4a9 e-con-full e-flex e-con e-child\" data-id=\"49ee4a9\" data-element_type=\"container\" data-settings=\"{&quot;jet_parallax_layout_list&quot;:[]}\">\n\t\t\t\t<div class=\"elementor-element elementor-element-e2a0be5 elementor-widget elementor-widget-image\" data-id=\"e2a0be5\" data-element_type=\"widget\" data-widget_type=\"image.default\">\n\t\t\t\t<div class=\"elementor-widget-container\">\n\t\t\t\t\t\t\t\t\t\t\t\t\t<img loading=\"lazy\" decoding=\"async\" width=\"400\" height=\"400\" src=\"https:\/\/anut.org.br\/wp-content\/uploads\/2024\/08\/andre.jpg\" class=\"attachment-large size-large wp-image-61440\" alt=\"\" srcset=\"https:\/\/anut.org.br\/wp-content\/uploads\/2024\/08\/andre.jpg 400w, https:\/\/anut.org.br\/wp-content\/uploads\/2024\/08\/andre-300x300.jpg 300w, https:\/\/anut.org.br\/wp-content\/uploads\/2024\/08\/andre-150x150.jpg 150w\" sizes=\"(max-width: 400px) 100vw, 400px\" \/>\t\t\t\t\t\t\t\t\t\t\t\t\t<\/div>\n\t\t\t\t<\/div>\n\t\t\t\t<\/div>\n\t\t<div class=\"elementor-element elementor-element-1b22e36 e-con-full e-flex e-con e-child\" data-id=\"1b22e36\" data-element_type=\"container\" data-settings=\"{&quot;jet_parallax_layout_list&quot;:[]}\">\n\t\t\t\t<div class=\"elementor-element elementor-element-7ca5d10 elementor-widget elementor-widget-heading\" data-id=\"7ca5d10\" data-element_type=\"widget\" data-widget_type=\"heading.default\">\n\t\t\t\t<div class=\"elementor-widget-container\">\n\t\t\t<h2 class=\"elementor-heading-title elementor-size-default\">Andr\u00e9 Aguiar  <\/h2>\t\t<\/div>\n\t\t\t\t<\/div>\n\t\t\t\t<div class=\"elementor-element elementor-element-097364d elementor-widget elementor-widget-heading\" data-id=\"097364d\" data-element_type=\"widget\" data-widget_type=\"heading.default\">\n\t\t\t\t<div class=\"elementor-widget-container\">\n\t\t\t<h4 class=\"elementor-heading-title elementor-size-default\">Technical Manager<\/h4>\t\t<\/div>\n\t\t\t\t<\/div>\n\t\t\t\t<\/div>\n\t\t\t\t<\/div>\n\t\t\t\t<div class=\"elementor-element elementor-element-b999f99 elementor-widget elementor-widget-text-editor\" data-id=\"b999f99\" data-element_type=\"widget\" data-widget_type=\"text-editor.default\">\n\t\t\t\t<div class=\"elementor-widget-container\">\n\t\t\t\t\t\t\t<p>At ANUT since 2021, he has been working in the logistics sector for 11 years, on infrastructure projects and programs, transport modeling, regulatory analysis and transport infrastructure studies, and in institutional liaison with the federal and state governments and private enterprise.<\/p>\n<p><\/p>\n<p>With experience as Coordinator and Superintendent in the Logistics Sub-Secretariat of the RJ State Transport Secretariat, he took part in the development of the RJ Strategic Logistics and Freight Plan, the PMI Operational Technical Committee for modeling the concession\/PPP of state highways, the preparation of the 21st Century Port of Rio Program and other strategic studies.\nIn addition to this experience, he has served as chairman of the Fiscal Council of the state-owned company, Central Log\u00edstica, and as a representative of the Department of Transportation on the Permanent Council for Economic Development Policies in Rio de Janeiro. <\/p>\n<p><\/p>\n<p>He has a degree in Electronic Engineering from the Federal University of Rio de Janeiro (UFRJ), a Master&#8217;s degree in Transportation Engineering from the same institution and an MBA in Business Logistics from the Get\u00falio Vargas Foundation (FGV).<\/p>\t\t\t\t\t\t<\/div>\n\t\t\t\t<\/div>\n\t\t\t\t<\/div>\n\t\t\t\t\t<\/div>\n\t\t\t\t<\/div>\n\t\t\t\t<\/div>\n\t\t","protected":false},"excerpt":{"rendered":"<p>Executives Luis Henrique Teixeira Baldez CEO Executive President of ANUT since 2010, he has been President and Member of several Boards of Directors and Fiscal Councils in companies such as CEAGESP, CODESP, CODOMAR, USIMINAS, A\u00c7OS FINOS PIRATINI (RS), ALUNORTE (CVRD), DOCEGEO (CVRD), among others, and was also President of the Port Authority Council of the [&hellip;]<\/p>\n","protected":false},"author":8,"featured_media":0,"parent":64008,"menu_order":0,"comment_status":"closed","ping_status":"closed","template":"","meta":{"_acf_changed":false,"footnotes":""},"class_list":["post-63984","page","type-page","status-publish","hentry"],"acf":[],"yoast_head":"<!-- This site is optimized with the Yoast SEO plugin v27.5 - https:\/\/yoast.com\/product\/yoast-seo-wordpress\/ -->\n<title>Executives - ANUT<\/title>\n<meta name=\"robots\" content=\"index, follow, max-snippet:-1, max-image-preview:large, max-video-preview:-1\" \/>\n<link rel=\"canonical\" href=\"https:\/\/anut.org.br\/en\/governance\/executives\/\" \/>\n<meta property=\"og:locale\" content=\"en_US\" \/>\n<meta property=\"og:type\" content=\"article\" \/>\n<meta property=\"og:title\" content=\"Executives - ANUT\" \/>\n<meta property=\"og:description\" content=\"Executives Luis Henrique Teixeira Baldez CEO Executive President of ANUT since 2010, he has been President and Member of several Boards of Directors and Fiscal Councils in companies such as CEAGESP, CODESP, CODOMAR, USIMINAS, A\u00c7OS FINOS PIRATINI (RS), ALUNORTE (CVRD), DOCEGEO (CVRD), among others, and was also President of the Port Authority Council of the [&hellip;]\" \/>\n<meta property=\"og:url\" content=\"https:\/\/anut.org.br\/en\/governance\/executives\/\" \/>\n<meta property=\"og:site_name\" content=\"ANUT\" \/>\n<meta property=\"article:modified_time\" content=\"2024-09-17T19:34:38+00:00\" \/>\n<meta property=\"og:image\" content=\"https:\/\/anut.org.br\/wp-content\/uploads\/2024\/08\/luiz.jpg\" \/>\n<meta name=\"twitter:card\" content=\"summary_large_image\" \/>\n<meta name=\"twitter:label1\" content=\"Est. reading time\" \/>\n\t<meta name=\"twitter:data1\" content=\"4 minutes\" \/>\n<script type=\"application\/ld+json\" class=\"yoast-schema-graph\">{\"@context\":\"https:\\\/\\\/schema.org\",\"@graph\":[{\"@type\":\"WebPage\",\"@id\":\"https:\\\/\\\/anut.org.br\\\/en\\\/governance\\\/executives\\\/\",\"url\":\"https:\\\/\\\/anut.org.br\\\/en\\\/governance\\\/executives\\\/\",\"name\":\"Executives - ANUT\",\"isPartOf\":{\"@id\":\"https:\\\/\\\/anut.org.br\\\/en\\\/#website\"},\"primaryImageOfPage\":{\"@id\":\"https:\\\/\\\/anut.org.br\\\/en\\\/governance\\\/executives\\\/#primaryimage\"},\"image\":{\"@id\":\"https:\\\/\\\/anut.org.br\\\/en\\\/governance\\\/executives\\\/#primaryimage\"},\"thumbnailUrl\":\"https:\\\/\\\/anut.org.br\\\/wp-content\\\/uploads\\\/2024\\\/08\\\/luiz.jpg\",\"datePublished\":\"2022-11-21T13:56:37+00:00\",\"dateModified\":\"2024-09-17T19:34:38+00:00\",\"breadcrumb\":{\"@id\":\"https:\\\/\\\/anut.org.br\\\/en\\\/governance\\\/executives\\\/#breadcrumb\"},\"inLanguage\":\"en-US\",\"potentialAction\":[{\"@type\":\"ReadAction\",\"target\":[\"https:\\\/\\\/anut.org.br\\\/en\\\/governance\\\/executives\\\/\"]}]},{\"@type\":\"ImageObject\",\"inLanguage\":\"en-US\",\"@id\":\"https:\\\/\\\/anut.org.br\\\/en\\\/governance\\\/executives\\\/#primaryimage\",\"url\":\"https:\\\/\\\/anut.org.br\\\/wp-content\\\/uploads\\\/2024\\\/08\\\/luiz.jpg\",\"contentUrl\":\"https:\\\/\\\/anut.org.br\\\/wp-content\\\/uploads\\\/2024\\\/08\\\/luiz.jpg\"},{\"@type\":\"BreadcrumbList\",\"@id\":\"https:\\\/\\\/anut.org.br\\\/en\\\/governance\\\/executives\\\/#breadcrumb\",\"itemListElement\":[{\"@type\":\"ListItem\",\"position\":1,\"name\":\"In\u00edcio\",\"item\":\"https:\\\/\\\/anut.org.br\\\/en\\\/?page_id=63977\"},{\"@type\":\"ListItem\",\"position\":2,\"name\":\"Governance\",\"item\":\"https:\\\/\\\/anut.org.br\\\/en\\\/?page_id=64008\"},{\"@type\":\"ListItem\",\"position\":3,\"name\":\"Executives\"}]},{\"@type\":\"WebSite\",\"@id\":\"https:\\\/\\\/anut.org.br\\\/en\\\/#website\",\"url\":\"https:\\\/\\\/anut.org.br\\\/en\\\/\",\"name\":\"ANUT\",\"description\":\"Associa\u00e7\u00e3o Nacional dos Usu\u00e1rios do Transporte de Carga\",\"publisher\":{\"@id\":\"https:\\\/\\\/anut.org.br\\\/en\\\/#organization\"},\"potentialAction\":[{\"@type\":\"SearchAction\",\"target\":{\"@type\":\"EntryPoint\",\"urlTemplate\":\"https:\\\/\\\/anut.org.br\\\/en\\\/?s={search_term_string}\"},\"query-input\":{\"@type\":\"PropertyValueSpecification\",\"valueRequired\":true,\"valueName\":\"search_term_string\"}}],\"inLanguage\":\"en-US\"},{\"@type\":\"Organization\",\"@id\":\"https:\\\/\\\/anut.org.br\\\/en\\\/#organization\",\"name\":\"ANUT\",\"url\":\"https:\\\/\\\/anut.org.br\\\/en\\\/\",\"logo\":{\"@type\":\"ImageObject\",\"inLanguage\":\"en-US\",\"@id\":\"https:\\\/\\\/anut.org.br\\\/en\\\/#\\\/schema\\\/logo\\\/image\\\/\",\"url\":\"https:\\\/\\\/anut.org.br\\\/wp-content\\\/uploads\\\/2022\\\/02\\\/cropped-Anut-Logotipo.png\",\"contentUrl\":\"https:\\\/\\\/anut.org.br\\\/wp-content\\\/uploads\\\/2022\\\/02\\\/cropped-Anut-Logotipo.png\",\"width\":595,\"height\":184,\"caption\":\"ANUT\"},\"image\":{\"@id\":\"https:\\\/\\\/anut.org.br\\\/en\\\/#\\\/schema\\\/logo\\\/image\\\/\"}}]}<\/script>\n<!-- \/ Yoast SEO plugin. -->","yoast_head_json":{"title":"Executives - ANUT","robots":{"index":"index","follow":"follow","max-snippet":"max-snippet:-1","max-image-preview":"max-image-preview:large","max-video-preview":"max-video-preview:-1"},"canonical":"https:\/\/anut.org.br\/en\/governance\/executives\/","og_locale":"en_US","og_type":"article","og_title":"Executives - ANUT","og_description":"Executives Luis Henrique Teixeira Baldez CEO Executive President of ANUT since 2010, he has been President and Member of several Boards of Directors and Fiscal Councils in companies such as CEAGESP, CODESP, CODOMAR, USIMINAS, A\u00c7OS FINOS PIRATINI (RS), ALUNORTE (CVRD), DOCEGEO (CVRD), among others, and was also President of the Port Authority Council of the [&hellip;]","og_url":"https:\/\/anut.org.br\/en\/governance\/executives\/","og_site_name":"ANUT","article_modified_time":"2024-09-17T19:34:38+00:00","og_image":[{"url":"https:\/\/anut.org.br\/wp-content\/uploads\/2024\/08\/luiz.jpg","type":"","width":"","height":""}],"twitter_card":"summary_large_image","twitter_misc":{"Est. reading time":"4 minutes"},"schema":{"@context":"https:\/\/schema.org","@graph":[{"@type":"WebPage","@id":"https:\/\/anut.org.br\/en\/governance\/executives\/","url":"https:\/\/anut.org.br\/en\/governance\/executives\/","name":"Executives - ANUT","isPartOf":{"@id":"https:\/\/anut.org.br\/en\/#website"},"primaryImageOfPage":{"@id":"https:\/\/anut.org.br\/en\/governance\/executives\/#primaryimage"},"image":{"@id":"https:\/\/anut.org.br\/en\/governance\/executives\/#primaryimage"},"thumbnailUrl":"https:\/\/anut.org.br\/wp-content\/uploads\/2024\/08\/luiz.jpg","datePublished":"2022-11-21T13:56:37+00:00","dateModified":"2024-09-17T19:34:38+00:00","breadcrumb":{"@id":"https:\/\/anut.org.br\/en\/governance\/executives\/#breadcrumb"},"inLanguage":"en-US","potentialAction":[{"@type":"ReadAction","target":["https:\/\/anut.org.br\/en\/governance\/executives\/"]}]},{"@type":"ImageObject","inLanguage":"en-US","@id":"https:\/\/anut.org.br\/en\/governance\/executives\/#primaryimage","url":"https:\/\/anut.org.br\/wp-content\/uploads\/2024\/08\/luiz.jpg","contentUrl":"https:\/\/anut.org.br\/wp-content\/uploads\/2024\/08\/luiz.jpg"},{"@type":"BreadcrumbList","@id":"https:\/\/anut.org.br\/en\/governance\/executives\/#breadcrumb","itemListElement":[{"@type":"ListItem","position":1,"name":"In\u00edcio","item":"https:\/\/anut.org.br\/en\/?page_id=63977"},{"@type":"ListItem","position":2,"name":"Governance","item":"https:\/\/anut.org.br\/en\/?page_id=64008"},{"@type":"ListItem","position":3,"name":"Executives"}]},{"@type":"WebSite","@id":"https:\/\/anut.org.br\/en\/#website","url":"https:\/\/anut.org.br\/en\/","name":"ANUT","description":"Associa\u00e7\u00e3o Nacional dos Usu\u00e1rios do Transporte de Carga","publisher":{"@id":"https:\/\/anut.org.br\/en\/#organization"},"potentialAction":[{"@type":"SearchAction","target":{"@type":"EntryPoint","urlTemplate":"https:\/\/anut.org.br\/en\/?s={search_term_string}"},"query-input":{"@type":"PropertyValueSpecification","valueRequired":true,"valueName":"search_term_string"}}],"inLanguage":"en-US"},{"@type":"Organization","@id":"https:\/\/anut.org.br\/en\/#organization","name":"ANUT","url":"https:\/\/anut.org.br\/en\/","logo":{"@type":"ImageObject","inLanguage":"en-US","@id":"https:\/\/anut.org.br\/en\/#\/schema\/logo\/image\/","url":"https:\/\/anut.org.br\/wp-content\/uploads\/2022\/02\/cropped-Anut-Logotipo.png","contentUrl":"https:\/\/anut.org.br\/wp-content\/uploads\/2022\/02\/cropped-Anut-Logotipo.png","width":595,"height":184,"caption":"ANUT"},"image":{"@id":"https:\/\/anut.org.br\/en\/#\/schema\/logo\/image\/"}}]}},"_links":{"self":[{"href":"https:\/\/anut.org.br\/en\/wp-json\/wp\/v2\/pages\/63984","targetHints":{"allow":["GET"]}}],"collection":[{"href":"https:\/\/anut.org.br\/en\/wp-json\/wp\/v2\/pages"}],"about":[{"href":"https:\/\/anut.org.br\/en\/wp-json\/wp\/v2\/types\/page"}],"author":[{"embeddable":true,"href":"https:\/\/anut.org.br\/en\/wp-json\/wp\/v2\/users\/8"}],"replies":[{"embeddable":true,"href":"https:\/\/anut.org.br\/en\/wp-json\/wp\/v2\/comments?post=63984"}],"version-history":[{"count":4,"href":"https:\/\/anut.org.br\/en\/wp-json\/wp\/v2\/pages\/63984\/revisions"}],"predecessor-version":[{"id":63992,"href":"https:\/\/anut.org.br\/en\/wp-json\/wp\/v2\/pages\/63984\/revisions\/63992"}],"up":[{"embeddable":true,"href":"https:\/\/anut.org.br\/en\/wp-json\/wp\/v2\/pages\/64008"}],"wp:attachment":[{"href":"https:\/\/anut.org.br\/en\/wp-json\/wp\/v2\/media?parent=63984"}],"curies":[{"name":"wp","href":"https:\/\/api.w.org\/{rel}","templated":true}]}}